{"version":"1.0","provider_name":"qui est nihil","provider_url":"https:\/\/quiestnihil.cafeblog.hu","author_name":"akinincs","author_url":"https:\/\/quiestnihil.cafeblog.hu\/author\/akinincs\/","title":"Ilyen is van?","html":"<P align=justify><SPAN style=\"FONT-SIZE: 14px\">&nbsp;Egy levelet szeretn\u00e9k megosztani mindenkivel. A levelet egy negyven\u00e9ves f\u00e9rfi \u00edrta az anyuk\u00e1j\u00e1nak, a f\u00e9rfit Antoine de Saint-Exup\u00e9rynek h\u00edvt\u00e1k. A lev\u00e9l \u00edr\u00e1sakor pil\u00f3tak\u00e9nt harcolt a&nbsp;n\u00e9metek ellen.<\/SPAN><SPAN style=\"FONT-SIZE: 14px\">&nbsp;Sz\u00e1momra mindaz, ami ebben a lev\u00e9lben megtestes\u00fcl, kiss\u00e9 olyan, mintha egy idegen bolyg\u00f3ra t\u00e9vedn\u00e9k, ahol&nbsp;el\u0151ttem ismeretlen dolgok t\u00f6rt\u00e9nnek. Csod\u00e1latot v\u00e1ltanak ki, v\u00e1gyat \u00e9bresztenek, \u00e1m m\u00e9gis idegenek, \u00e9s szeretn\u00e9k ink\u00e1bb hazat\u00e9rni. Nem tudn\u00e9k ilyen levelet \u00edrni, \u00e9s ezt nem \u00e9rzem er\u00e9nynek (kiv\u00e9telesen).<\/SPAN><\/P>\r\n<P align=justify><SPAN style=\"FONT-SIZE: 14px\">\"Dr\u00e1ga Mama! <\/SPAN><\/P>\r\n<P align=justify><SPAN style=\"FONT-SIZE: 14px\">A t\u00e9rdemen \u00edrok, mik\u00f6zben egy bejelentett bomb\u00e1z\u00e1sra v\u00e1runk, ami egyel\u0151re nem j\u00f6n. Mag\u00e1ra gondolok.......\u00c9s mindig mag\u00e1\u00e9rt reszketek........<\/SPAN><\/P>\r\n<P align=justify><SPAN style=\"FONT-SIZE: 14px\">Rettenetesen sz\u00fcks\u00e9gem van a gyeng\u00e9ds\u00e9g\u00e9re, Mam\u00e1csk\u00e1m, dr\u00e1ga Mam\u00e1m! Mi\u00e9rt kell \u00edgy lennie, hogy mindent, amit csak szeretek a f\u00f6ld\u00f6n, vesz\u00e9ly fenyegesse? Ami m\u00e9g a h\u00e1bor\u00fan\u00e1l is jobban megr\u00e9m\u00edt, az a holnapi vil\u00e1g. A lerombolt falvak, a sz\u00e9thullott csal\u00e1dok. A hal\u00e1l nem \u00e9rdekel, de nem szeretem, ha hozz\u00e1ny\u00falnak a szellemi k\u00f6z\u00f6ss\u00e9ghez. Azt szeretn\u00e9m, ha mindny\u00e1jan feh\u00e9r asztal k\u00f6r\u00fcl gy\u0171lhetn\u00e9nk \u00f6ssze. <\/SPAN><\/P>\r\n<P align=justify><SPAN style=\"FONT-SIZE: 14px\">Nem \u00edrok t\u00fal sokat az \u00e9letemr\u0151l, nincs nagyon mit mondanom r\u00f3la: vesz\u00e9lyes k\u00fcldet\u00e9sek, ev\u00e9s, alv\u00e1s. Rettent\u0151en kev\u00e9ss\u00e9 vagyok \"el\u00e9gedett\". A sz\u00edvnek m\u00e1s gyakorlatokra van sz\u00fcks\u00e9ge. Rettent\u0151en kev\u00e9ss\u00e9 vagyok el\u00e9gedett korunk t\u00f6rekv\u00e9seivel. Az elfogadott \u00e9s \u00e1t\u00e9lt vesz\u00e9ly nem el\u00e9g ahhoz, hogy lecsillap\u00edtson bennem egyfajta s\u00falyos lelkiismeret-furdal\u00e1st. Csak n\u00e9h\u00e1ny gyermekkori eml\u00e9kben tal\u00e1lok \u00fcd\u00edt\u0151 forr\u00e1sra. A kar\u00e1csonyi gyerty\u00e1k illat\u00e1ban. Ma a l\u00e9lek puszta sivatag. Szomjan halunk. <\/SPAN><\/P>\r\n<P align=justify><SPAN style=\"FONT-SIZE: 14px\">\u00cdrhatn\u00e9k is, lenne id\u0151m, de m\u00e9g nem vagyok r\u00e1 k\u00e9pes, a k\u00f6nyvem m\u00e9g nem \u00e9rett meg bennem. Olyan k\u00f6nyv kellene, amely \"oltan\u00e1 a szomjat\". <\/SPAN><\/P>\r\n<P align=justify><SPAN style=\"FONT-SIZE: 14px\">\u00c9g \u00f6nnel, Mam\u00e1csk\u00e1m, forr\u00f3n \u00f6leli: a maga Antoine-ja.\"<\/SPAN><\/P>","type":"rich"}